{"id":1478,"date":"2023-12-11T12:01:18","date_gmt":"2023-12-11T12:01:18","guid":{"rendered":"https:\/\/thefryercompany.com\/project\/friteria-de-la-place-le-bizet-be-2\/"},"modified":"2023-12-11T15:15:24","modified_gmt":"2023-12-11T15:15:24","slug":"friteria-de-la-place-le-bizet-be-2","status":"publish","type":"project","link":"https:\/\/thefryercompany.com\/fr\/project\/friteria-de-la-place-le-bizet-be-2\/","title":{"rendered":"Friteria De La Place, Le Bizet (BE)"},"content":{"rendered":"<p>[et_pb_section fb_built=\u00a0\u00bb1&Prime; _builder_version=\u00a0\u00bb4.22.1&Prime; _module_preset=\u00a0\u00bbdefault\u00a0\u00bb background_color=\u00a0\u00bbRGBA(255,255,255,0)\u00a0\u00bb background_enable_image=\u00a0\u00bboff\u00a0\u00bb min_height=\u00a0\u00bb450px\u00a0\u00bb custom_padding=\u00a0\u00bb0px||0px|||\u00a0\u00bb global_colors_info=\u00a0\u00bb{}\u00a0\u00bb][et_pb_row _builder_version=\u00a0\u00bb4.23.1&Prime; _module_preset=\u00a0\u00bbdefault\u00a0\u00bb background_enable_image=\u00a0\u00bboff\u00a0\u00bb hover_enabled=\u00a0\u00bb0&Prime; global_colors_info=\u00a0\u00bb{}\u00a0\u00bb sticky_enabled=\u00a0\u00bb0&Prime;][et_pb_column type=\u00a0\u00bb4_4&Prime; _builder_version=\u00a0\u00bb4.23.1&Prime; _module_preset=\u00a0\u00bbdefault\u00a0\u00bb background_image=\u00a0\u00bbhttps:\/\/thefryercompany.com\/wp-content\/uploads\/2023\/12\/LeBizet-3.jpg\u00a0\u00bb custom_padding=\u00a0\u00bb200px||200px||true|false\u00a0\u00bb hover_enabled=\u00a0\u00bb0&Prime; global_colors_info=\u00a0\u00bb{}\u00a0\u00bb title_text=\u00a0\u00bbLeBizet 3&Prime; sticky_enabled=\u00a0\u00bb0&Prime;][\/et_pb_column][\/et_pb_row][\/et_pb_section][et_pb_section fb_built=\u00a0\u00bb1&Prime; _builder_version=\u00a0\u00bb4.22.1&Prime; _module_preset=\u00a0\u00bbdefault\u00a0\u00bb custom_padding=\u00a0\u00bb1px||0px|||\u00a0\u00bb global_colors_info=\u00a0\u00bb{}\u00a0\u00bb][et_pb_row column_structure=\u00a0\u00bb1_5,3_5,1_5&Prime; _builder_version=\u00a0\u00bb4.22.1&Prime; _module_preset=\u00a0\u00bbdefault\u00a0\u00bb custom_padding=\u00a0\u00bb||2px|||\u00a0\u00bb global_colors_info=\u00a0\u00bb{}\u00a0\u00bb][et_pb_column type=\u00a0\u00bb1_5&Prime; _builder_version=\u00a0\u00bb4.22.1&Prime; _module_preset=\u00a0\u00bbdefault\u00a0\u00bb global_colors_info=\u00a0\u00bb{}\u00a0\u00bb][et_pb_image src=\u00a0\u00bbhttps:\/\/thefryercompany.com\/wp-content\/uploads\/2023\/10\/FRYER-company-beeldmerk.png\u00a0\u00bb title_text=\u00a0\u00bbFRYER-company-beeldmerk\u00a0\u00bb _builder_version=\u00a0\u00bb4.22.2&Prime; _module_preset=\u00a0\u00bbdefault\u00a0\u00bb height_tablet=\u00a0\u00bb200px\u00a0\u00bb height_phone=\u00a0\u00bb200px\u00a0\u00bb height_last_edited=\u00a0\u00bbon|tablet\u00a0\u00bb custom_margin=\u00a0\u00bb-110px||||false|false\u00a0\u00bb custom_margin_tablet=\u00a0\u00bb-110px||||false|false\u00a0\u00bb custom_margin_phone=\u00a0\u00bb-200px||||false|false\u00a0\u00bb custom_margin_last_edited=\u00a0\u00bbon|tablet\u00a0\u00bb custom_padding=\u00a0\u00bb0px|||||\u00a0\u00bb scroll_vertical_motion_enable=\u00a0\u00bbon\u00a0\u00bb global_colors_info=\u00a0\u00bb{}\u00a0\u00bb][\/et_pb_image][\/et_pb_column][et_pb_column type=\u00a0\u00bb3_5&Prime; _builder_version=\u00a0\u00bb4.22.1&Prime; _module_preset=\u00a0\u00bbdefault\u00a0\u00bb global_colors_info=\u00a0\u00bb{}\u00a0\u00bb][et_pb_post_title meta=\u00a0\u00bboff\u00a0\u00bb featured_image=\u00a0\u00bboff\u00a0\u00bb _builder_version=\u00a0\u00bb4.22.1&Prime; _module_preset=\u00a0\u00bbdefault\u00a0\u00bb title_font=\u00a0\u00bbBarlow Semi Condensed||||||||\u00a0\u00bb title_font_size=\u00a0\u00bb42px\u00a0\u00bb global_colors_info=\u00a0\u00bb{}\u00a0\u00bb][\/et_pb_post_title][et_pb_text _builder_version=\u00a0\u00bb4.23.1&Prime; _module_preset=\u00a0\u00bbdefault\u00a0\u00bb text_font_size=\u00a0\u00bb17px\u00a0\u00bb custom_margin=\u00a0\u00bb||-3px|||\u00a0\u00bb custom_padding=\u00a0\u00bb0px||30px||false|false\u00a0\u00bb hover_enabled=\u00a0\u00bb0&Prime; global_colors_info=\u00a0\u00bb{}\u00a0\u00bb sticky_enabled=\u00a0\u00bb0&Prime;]<\/p>\n<p>Le propri\u00e9taire Mathias Verhelst a opt\u00e9 pour une installation de friteuse tout \u00e0 fait unique ! Il s&rsquo;agit d&rsquo;une friteuse \u00e0 double transfert de The Fryer Company. Ce qui est encore plus sp\u00e9cial, c&rsquo;est que Mathias a \u00e9t\u00e9 le premier \u00e0 nous commander une friteuse \u00e0 transfert et c\u2019 \u00e9tait donc le premier transfert que nous avons mis sur le march\u00e9.   <\/p>\n<p>La confiance qu&rsquo;il avait en nous \u00e9t en notre produit, ainsi que la confiance qu&rsquo;il avait en notre distribiteur en Belgique, Mathias nous a donn\u00e9 toute sa confiance sans avoir d\u00e9j\u00e0 fabriqu\u00e9 une autre! Et oui, il est tr\u00e8s satisfait ! Notre syst\u00e8me de transfert unique est si fiable, rapide, silencieux et puissant qu&rsquo;il a d\u00e9pass\u00e9 toutes les attentes!  <\/p>\n<ul><\/ul>\n<p>[\/et_pb_text][\/et_pb_column][et_pb_column type=\u00a0\u00bb1_5&Prime; _builder_version=\u00a0\u00bb4.22.1&Prime; _module_preset=\u00a0\u00bbdefault\u00a0\u00bb global_colors_info=\u00a0\u00bb{}\u00a0\u00bb][\/et_pb_column][\/et_pb_row][\/et_pb_section][et_pb_section fb_built=\u00a0\u00bb1&Prime; _builder_version=\u00a0\u00bb4.22.1&Prime; _module_preset=\u00a0\u00bbdefault\u00a0\u00bb global_colors_info=\u00a0\u00bb{}\u00a0\u00bb][et_pb_row _builder_version=\u00a0\u00bb4.22.1&Prime; _module_preset=\u00a0\u00bbdefault\u00a0\u00bb width_tablet=\u00a0\u00bb\u00a0\u00bb width_phone=\u00a0\u00bb\u00a0\u00bb width_last_edited=\u00a0\u00bbon|phone\u00a0\u00bb global_colors_info=\u00a0\u00bb{}\u00a0\u00bb][et_pb_column type=\u00a0\u00bb4_4&Prime; _builder_version=\u00a0\u00bb4.22.1&Prime; _module_preset=\u00a0\u00bbdefault\u00a0\u00bb global_colors_info=\u00a0\u00bb{}\u00a0\u00bb][et_pb_gallery gallery_ids=\u00a0\u00bb1333,1330,1327&Prime; fullwidth=\u00a0\u00bbon\u00a0\u00bb _builder_version=\u00a0\u00bb4.23.1&Prime; _module_preset=\u00a0\u00bbdefault\u00a0\u00bb width=\u00a0\u00bb70%\u00a0\u00bb width_tablet=\u00a0\u00bb100%\u00a0\u00bb width_phone=\u00a0\u00bb100%\u00a0\u00bb width_last_edited=\u00a0\u00bbon|tablet\u00a0\u00bb module_alignment=\u00a0\u00bbcenter\u00a0\u00bb auto=\u00a0\u00bbon\u00a0\u00bb hover_enabled=\u00a0\u00bb0&Prime; global_colors_info=\u00a0\u00bb{}\u00a0\u00bb sticky_enabled=\u00a0\u00bb0&Prime;][\/et_pb_gallery][et_pb_post_nav prev_text=\u00a0\u00bbProjet pr\u00e9c\u00e9dent\u00a0\u00bb next_text=\u00a0\u00bbProjet suivant\u00a0\u00bb _builder_version=\u00a0\u00bb4.22.1&Prime; _module_preset=\u00a0\u00bbdefault\u00a0\u00bb width=\u00a0\u00bb70%\u00a0\u00bb width_tablet=\u00a0\u00bb100%\u00a0\u00bb width_phone=\u00a0\u00bb100%\u00a0\u00bb width_last_edited=\u00a0\u00bbon|desktop\u00a0\u00bb max_width=\u00a0\u00bb70%\u00a0\u00bb max_width_tablet=\u00a0\u00bb100%\u00a0\u00bb max_width_phone=\u00a0\u00bb100%\u00a0\u00bb max_width_last_edited=\u00a0\u00bbon|tablet\u00a0\u00bb module_alignment=\u00a0\u00bbcenter\u00a0\u00bb custom_margin=\u00a0\u00bb||||false|false\u00a0\u00bb custom_padding=\u00a0\u00bb||||false|false\u00a0\u00bb custom_css_main_element=\u00a0\u00bbwidth: 70%;\u00a0\u00bb global_colors_info=\u00a0\u00bb{}\u00a0\u00bb][\/et_pb_post_nav][\/et_pb_column][\/et_pb_row][\/et_pb_section]<\/p>\n","protected":false},"excerpt":{"rendered":"<p>Le propri\u00e9taire Mathias Verhelst a opt\u00e9 pour une installation de friteuse tout \u00e0 fait unique ! Il s&rsquo;agit d&rsquo;une friteuse \u00e0 double transfert de The Fryer Company. Ce qui est encore plus sp\u00e9cial, c&rsquo;est que Mathias a \u00e9t\u00e9 le premier \u00e0 nous commander une friteuse \u00e0 transfert et c\u2019 \u00e9tait donc le premier transfert que [&hellip;]<\/p>\n","protected":false},"author":2,"featured_media":1329,"comment_status":"closed","ping_status":"closed","template":"","meta":{"_et_pb_use_builder":"on","_et_pb_old_content":"","_et_gb_content_width":"","footnotes":""},"project_category":[],"project_tag":[],"class_list":["post-1478","project","type-project","status-publish","has-post-thumbnail","hentry"],"yoast_head":"<!-- This site is optimized with the Yoast SEO plugin v27.1.1 - https:\/\/yoast.com\/product\/yoast-seo-wordpress\/ -->\n<title>Friteria De La Place, Le Bizet (BE) - The Fryer Company<\/title>\n<meta name=\"robots\" content=\"index, follow, max-snippet:-1, max-image-preview:large, max-video-preview:-1\" \/>\n<link rel=\"canonical\" href=\"https:\/\/thefryercompany.com\/fr\/project\/friteria-de-la-place-le-bizet-be-2\/\" \/>\n<meta property=\"og:locale\" content=\"fr_FR\" \/>\n<meta property=\"og:type\" content=\"article\" \/>\n<meta property=\"og:title\" content=\"Friteria De La Place, Le Bizet (BE) - The Fryer Company\" \/>\n<meta property=\"og:description\" content=\"Le propri\u00e9taire Mathias Verhelst a opt\u00e9 pour une installation de friteuse tout \u00e0 fait unique ! Il s&#039;agit d&#039;une friteuse \u00e0 double transfert de The Fryer Company. Ce qui est encore plus sp\u00e9cial, c&#039;est que Mathias a \u00e9t\u00e9 le premier \u00e0 nous commander une friteuse \u00e0 transfert et c\u2019 \u00e9tait donc le premier transfert que [&hellip;]\" \/>\n<meta property=\"og:url\" content=\"https:\/\/thefryercompany.com\/fr\/project\/friteria-de-la-place-le-bizet-be-2\/\" \/>\n<meta property=\"og:site_name\" content=\"The Fryer Company\" \/>\n<meta property=\"article:publisher\" content=\"https:\/\/www.facebook.com\/thefryercompany\/\" \/>\n<meta property=\"article:modified_time\" content=\"2023-12-11T15:15:24+00:00\" \/>\n<meta property=\"og:image\" content=\"https:\/\/thefryercompany.com\/wp-content\/uploads\/2023\/12\/LeBizet-1.jpg\" \/>\n\t<meta property=\"og:image:width\" content=\"2000\" \/>\n\t<meta property=\"og:image:height\" content=\"1333\" \/>\n\t<meta property=\"og:image:type\" content=\"image\/jpeg\" \/>\n<meta name=\"twitter:card\" content=\"summary_large_image\" \/>\n<meta name=\"twitter:label1\" content=\"Dur\u00e9e de lecture estim\u00e9e\" \/>\n\t<meta name=\"twitter:data1\" content=\"3 minutes\" \/>\n<script type=\"application\/ld+json\" class=\"yoast-schema-graph\">{\"@context\":\"https:\/\/schema.org\",\"@graph\":[{\"@type\":\"WebPage\",\"@id\":\"https:\/\/thefryercompany.com\/fr\/project\/friteria-de-la-place-le-bizet-be-2\/\",\"url\":\"https:\/\/thefryercompany.com\/fr\/project\/friteria-de-la-place-le-bizet-be-2\/\",\"name\":\"Friteria De La Place, Le Bizet (BE) - The Fryer Company\",\"isPartOf\":{\"@id\":\"https:\/\/thefryercompany.com\/fr\/#website\"},\"primaryImageOfPage\":{\"@id\":\"https:\/\/thefryercompany.com\/fr\/project\/friteria-de-la-place-le-bizet-be-2\/#primaryimage\"},\"image\":{\"@id\":\"https:\/\/thefryercompany.com\/fr\/project\/friteria-de-la-place-le-bizet-be-2\/#primaryimage\"},\"thumbnailUrl\":\"https:\/\/thefryercompany.com\/wp-content\/uploads\/2023\/12\/LeBizet-1.jpg\",\"datePublished\":\"2023-12-11T12:01:18+00:00\",\"dateModified\":\"2023-12-11T15:15:24+00:00\",\"breadcrumb\":{\"@id\":\"https:\/\/thefryercompany.com\/fr\/project\/friteria-de-la-place-le-bizet-be-2\/#breadcrumb\"},\"inLanguage\":\"fr-FR\",\"potentialAction\":[{\"@type\":\"ReadAction\",\"target\":[\"https:\/\/thefryercompany.com\/fr\/project\/friteria-de-la-place-le-bizet-be-2\/\"]}]},{\"@type\":\"ImageObject\",\"inLanguage\":\"fr-FR\",\"@id\":\"https:\/\/thefryercompany.com\/fr\/project\/friteria-de-la-place-le-bizet-be-2\/#primaryimage\",\"url\":\"https:\/\/thefryercompany.com\/wp-content\/uploads\/2023\/12\/LeBizet-1.jpg\",\"contentUrl\":\"https:\/\/thefryercompany.com\/wp-content\/uploads\/2023\/12\/LeBizet-1.jpg\",\"width\":2000,\"height\":1333},{\"@type\":\"BreadcrumbList\",\"@id\":\"https:\/\/thefryercompany.com\/fr\/project\/friteria-de-la-place-le-bizet-be-2\/#breadcrumb\",\"itemListElement\":[{\"@type\":\"ListItem\",\"position\":1,\"name\":\"Home\",\"item\":\"https:\/\/thefryercompany.com\/fr\/\"},{\"@type\":\"ListItem\",\"position\":2,\"name\":\"Projets\",\"item\":\"https:\/\/thefryercompany.com\/fr\/project\/\"},{\"@type\":\"ListItem\",\"position\":3,\"name\":\"Friteria De La Place, Le Bizet (BE)\"}]},{\"@type\":\"WebSite\",\"@id\":\"https:\/\/thefryercompany.com\/fr\/#website\",\"url\":\"https:\/\/thefryercompany.com\/fr\/\",\"name\":\"The Fryer Company\",\"description\":\"Maakt frituren geweldig\",\"publisher\":{\"@id\":\"https:\/\/thefryercompany.com\/fr\/#organization\"},\"potentialAction\":[{\"@type\":\"SearchAction\",\"target\":{\"@type\":\"EntryPoint\",\"urlTemplate\":\"https:\/\/thefryercompany.com\/fr\/?s={search_term_string}\"},\"query-input\":{\"@type\":\"PropertyValueSpecification\",\"valueRequired\":true,\"valueName\":\"search_term_string\"}}],\"inLanguage\":\"fr-FR\"},{\"@type\":\"Organization\",\"@id\":\"https:\/\/thefryercompany.com\/fr\/#organization\",\"name\":\"The Fryer Company\",\"url\":\"https:\/\/thefryercompany.com\/fr\/\",\"logo\":{\"@type\":\"ImageObject\",\"inLanguage\":\"fr-FR\",\"@id\":\"https:\/\/thefryercompany.com\/fr\/#\/schema\/logo\/image\/\",\"url\":\"https:\/\/thefryercompany.com\/wp-content\/uploads\/2023\/10\/FRYER-company-logo-slogan.png\",\"contentUrl\":\"https:\/\/thefryercompany.com\/wp-content\/uploads\/2023\/10\/FRYER-company-logo-slogan.png\",\"width\":900,\"height\":61,\"caption\":\"The Fryer Company\"},\"image\":{\"@id\":\"https:\/\/thefryercompany.com\/fr\/#\/schema\/logo\/image\/\"},\"sameAs\":[\"https:\/\/www.facebook.com\/thefryercompany\/\",\"https:\/\/www.instagram.com\/thefryercompany\/\",\"https:\/\/www.linkedin.com\/company\/the-fryer-company\"]}]}<\/script>\n<!-- \/ Yoast SEO plugin. -->","yoast_head_json":{"title":"Friteria De La Place, Le Bizet (BE) - The Fryer Company","robots":{"index":"index","follow":"follow","max-snippet":"max-snippet:-1","max-image-preview":"max-image-preview:large","max-video-preview":"max-video-preview:-1"},"canonical":"https:\/\/thefryercompany.com\/fr\/project\/friteria-de-la-place-le-bizet-be-2\/","og_locale":"fr_FR","og_type":"article","og_title":"Friteria De La Place, Le Bizet (BE) - The Fryer Company","og_description":"Le propri\u00e9taire Mathias Verhelst a opt\u00e9 pour une installation de friteuse tout \u00e0 fait unique ! Il s'agit d'une friteuse \u00e0 double transfert de The Fryer Company. Ce qui est encore plus sp\u00e9cial, c'est que Mathias a \u00e9t\u00e9 le premier \u00e0 nous commander une friteuse \u00e0 transfert et c\u2019 \u00e9tait donc le premier transfert que [&hellip;]","og_url":"https:\/\/thefryercompany.com\/fr\/project\/friteria-de-la-place-le-bizet-be-2\/","og_site_name":"The Fryer Company","article_publisher":"https:\/\/www.facebook.com\/thefryercompany\/","article_modified_time":"2023-12-11T15:15:24+00:00","og_image":[{"width":2000,"height":1333,"url":"https:\/\/thefryercompany.com\/wp-content\/uploads\/2023\/12\/LeBizet-1.jpg","type":"image\/jpeg"}],"twitter_card":"summary_large_image","twitter_misc":{"Dur\u00e9e de lecture estim\u00e9e":"3 minutes"},"schema":{"@context":"https:\/\/schema.org","@graph":[{"@type":"WebPage","@id":"https:\/\/thefryercompany.com\/fr\/project\/friteria-de-la-place-le-bizet-be-2\/","url":"https:\/\/thefryercompany.com\/fr\/project\/friteria-de-la-place-le-bizet-be-2\/","name":"Friteria De La Place, Le Bizet (BE) - The Fryer Company","isPartOf":{"@id":"https:\/\/thefryercompany.com\/fr\/#website"},"primaryImageOfPage":{"@id":"https:\/\/thefryercompany.com\/fr\/project\/friteria-de-la-place-le-bizet-be-2\/#primaryimage"},"image":{"@id":"https:\/\/thefryercompany.com\/fr\/project\/friteria-de-la-place-le-bizet-be-2\/#primaryimage"},"thumbnailUrl":"https:\/\/thefryercompany.com\/wp-content\/uploads\/2023\/12\/LeBizet-1.jpg","datePublished":"2023-12-11T12:01:18+00:00","dateModified":"2023-12-11T15:15:24+00:00","breadcrumb":{"@id":"https:\/\/thefryercompany.com\/fr\/project\/friteria-de-la-place-le-bizet-be-2\/#breadcrumb"},"inLanguage":"fr-FR","potentialAction":[{"@type":"ReadAction","target":["https:\/\/thefryercompany.com\/fr\/project\/friteria-de-la-place-le-bizet-be-2\/"]}]},{"@type":"ImageObject","inLanguage":"fr-FR","@id":"https:\/\/thefryercompany.com\/fr\/project\/friteria-de-la-place-le-bizet-be-2\/#primaryimage","url":"https:\/\/thefryercompany.com\/wp-content\/uploads\/2023\/12\/LeBizet-1.jpg","contentUrl":"https:\/\/thefryercompany.com\/wp-content\/uploads\/2023\/12\/LeBizet-1.jpg","width":2000,"height":1333},{"@type":"BreadcrumbList","@id":"https:\/\/thefryercompany.com\/fr\/project\/friteria-de-la-place-le-bizet-be-2\/#breadcrumb","itemListElement":[{"@type":"ListItem","position":1,"name":"Home","item":"https:\/\/thefryercompany.com\/fr\/"},{"@type":"ListItem","position":2,"name":"Projets","item":"https:\/\/thefryercompany.com\/fr\/project\/"},{"@type":"ListItem","position":3,"name":"Friteria De La Place, Le Bizet (BE)"}]},{"@type":"WebSite","@id":"https:\/\/thefryercompany.com\/fr\/#website","url":"https:\/\/thefryercompany.com\/fr\/","name":"The Fryer Company","description":"Maakt frituren geweldig","publisher":{"@id":"https:\/\/thefryercompany.com\/fr\/#organization"},"potentialAction":[{"@type":"SearchAction","target":{"@type":"EntryPoint","urlTemplate":"https:\/\/thefryercompany.com\/fr\/?s={search_term_string}"},"query-input":{"@type":"PropertyValueSpecification","valueRequired":true,"valueName":"search_term_string"}}],"inLanguage":"fr-FR"},{"@type":"Organization","@id":"https:\/\/thefryercompany.com\/fr\/#organization","name":"The Fryer Company","url":"https:\/\/thefryercompany.com\/fr\/","logo":{"@type":"ImageObject","inLanguage":"fr-FR","@id":"https:\/\/thefryercompany.com\/fr\/#\/schema\/logo\/image\/","url":"https:\/\/thefryercompany.com\/wp-content\/uploads\/2023\/10\/FRYER-company-logo-slogan.png","contentUrl":"https:\/\/thefryercompany.com\/wp-content\/uploads\/2023\/10\/FRYER-company-logo-slogan.png","width":900,"height":61,"caption":"The Fryer Company"},"image":{"@id":"https:\/\/thefryercompany.com\/fr\/#\/schema\/logo\/image\/"},"sameAs":["https:\/\/www.facebook.com\/thefryercompany\/","https:\/\/www.instagram.com\/thefryercompany\/","https:\/\/www.linkedin.com\/company\/the-fryer-company"]}]}},"_links":{"self":[{"href":"https:\/\/thefryercompany.com\/fr\/wp-json\/wp\/v2\/project\/1478","targetHints":{"allow":["GET"]}}],"collection":[{"href":"https:\/\/thefryercompany.com\/fr\/wp-json\/wp\/v2\/project"}],"about":[{"href":"https:\/\/thefryercompany.com\/fr\/wp-json\/wp\/v2\/types\/project"}],"author":[{"embeddable":true,"href":"https:\/\/thefryercompany.com\/fr\/wp-json\/wp\/v2\/users\/2"}],"replies":[{"embeddable":true,"href":"https:\/\/thefryercompany.com\/fr\/wp-json\/wp\/v2\/comments?post=1478"}],"version-history":[{"count":4,"href":"https:\/\/thefryercompany.com\/fr\/wp-json\/wp\/v2\/project\/1478\/revisions"}],"predecessor-version":[{"id":1593,"href":"https:\/\/thefryercompany.com\/fr\/wp-json\/wp\/v2\/project\/1478\/revisions\/1593"}],"wp:featuredmedia":[{"embeddable":true,"href":"https:\/\/thefryercompany.com\/fr\/wp-json\/wp\/v2\/media\/1329"}],"wp:attachment":[{"href":"https:\/\/thefryercompany.com\/fr\/wp-json\/wp\/v2\/media?parent=1478"}],"wp:term":[{"taxonomy":"project_category","embeddable":true,"href":"https:\/\/thefryercompany.com\/fr\/wp-json\/wp\/v2\/project_category?post=1478"},{"taxonomy":"project_tag","embeddable":true,"href":"https:\/\/thefryercompany.com\/fr\/wp-json\/wp\/v2\/project_tag?post=1478"}],"curies":[{"name":"wp","href":"https:\/\/api.w.org\/{rel}","templated":true}]}}